{"version":"1.0","provider_name":"","provider_url":"https:\/\/www.alfergestion.com\/en","author_name":"alferadmin","author_url":"https:\/\/www.alfergestion.com\/en\/author\/alferadmin\/","title":"Inicio del nuevo sistema de cotizaci\u00f3n para los Aut\u00f3nomos -","type":"rich","width":600,"height":338,"html":"<blockquote class=\"wp-embedded-content\" data-secret=\"ELTWb1lovj\"><a href=\"https:\/\/www.alfergestion.com\/en\/inicio-nuevo-reta\/\">Inicio del nuevo sistema de cotizaci\u00f3n para los Aut\u00f3nomos<\/a><\/blockquote><iframe sandbox=\"allow-scripts\" security=\"restricted\" src=\"https:\/\/www.alfergestion.com\/en\/inicio-nuevo-reta\/embed\/#?secret=ELTWb1lovj\" width=\"600\" height=\"338\" title=\"\u00abInicio del nuevo sistema de cotizaci\u00f3n para los Aut\u00f3nomos\u00bb \u2014 \" data-secret=\"ELTWb1lovj\" frameborder=\"0\" marginwidth=\"0\" marginheight=\"0\" scrolling=\"no\" class=\"wp-embedded-content\"><\/iframe><script>\n\/*! This file is auto-generated *\/\n!function(d,l){\"use strict\";l.querySelector&&d.addEventListener&&\"undefined\"!=typeof URL&&(d.wp=d.wp||{},d.wp.receiveEmbedMessage||(d.wp.receiveEmbedMessage=function(e){var t=e.data;if((t||t.secret||t.message||t.value)&&!\/[^a-zA-Z0-9]\/.test(t.secret)){for(var s,r,n,a=l.querySelectorAll('iframe[data-secret=\"'+t.secret+'\"]'),o=l.querySelectorAll('blockquote[data-secret=\"'+t.secret+'\"]'),c=new RegExp(\"^https?:$\",\"i\"),i=0;i<o.length;i++)o[i].style.display=\"none\";for(i=0;i<a.length;i++)s=a[i],e.source===s.contentWindow&&(s.removeAttribute(\"style\"),\"height\"===t.message?(1e3<(r=parseInt(t.value,10))?r=1e3:~~r<200&&(r=200),s.height=r):\"link\"===t.message&&(r=new URL(s.getAttribute(\"src\")),n=new URL(t.value),c.test(n.protocol))&&n.host===r.host&&l.activeElement===s&&(d.top.location.href=t.value))}},d.addEventListener(\"message\",d.wp.receiveEmbedMessage,!1),l.addEventListener(\"DOMContentLoaded\",function(){for(var e,t,s=l.querySelectorAll(\"iframe.wp-embedded-content\"),r=0;r<s.length;r++)(t=(e=s[r]).getAttribute(\"data-secret\"))||(t=Math.random().toString(36).substring(2,12),e.src+=\"#?secret=\"+t,e.setAttribute(\"data-secret\",t)),e.contentWindow.postMessage({message:\"ready\",secret:t},\"*\")},!1)))}(window,document);\n\/\/# sourceURL=https:\/\/www.alfergestion.com\/en\/wp-includes\/js\/wp-embed.min.js\n<\/script>\n","thumbnail_url":"https:\/\/www.alfergestion.com\/en\/wp-content\/uploads\/2023\/01\/Inicio-nuevo-RETA.jpg","thumbnail_width":960,"thumbnail_height":504,"description":"Bienvenidos a 2023, el a\u00f1o en que comienza a aplicarse el nuevo sistema de cotizaci\u00f3n para los aut\u00f3nomos, tras un cierre de 2022 con el peor dato de afiliaci\u00f3n en este r\u00e9gimen en diez a\u00f1os, con un aumento de solo cinco personas. El per\u00edodo de implantaci\u00f3n del sistema alcanzar\u00e1 hasta 2032, y se basa en &hellip; Continue reading \"\""}