{"version":"1.0","provider_name":"","provider_url":"https:\/\/www.alfergestion.com\/en","author_name":"alferadmin","author_url":"https:\/\/www.alfergestion.com\/en\/author\/alferadmin\/","title":"Rebaja del IVA de la luz -","type":"rich","width":600,"height":338,"html":"<blockquote class=\"wp-embedded-content\" data-secret=\"fSiBN3G5bl\"><a href=\"https:\/\/www.alfergestion.com\/en\/rebaja-iva-luz\/\">Rebaja del IVA de la luz<\/a><\/blockquote><iframe sandbox=\"allow-scripts\" security=\"restricted\" src=\"https:\/\/www.alfergestion.com\/en\/rebaja-iva-luz\/embed\/#?secret=fSiBN3G5bl\" width=\"600\" height=\"338\" title=\"\u00abRebaja del IVA de la luz\u00bb \u2014 \" data-secret=\"fSiBN3G5bl\" frameborder=\"0\" marginwidth=\"0\" marginheight=\"0\" scrolling=\"no\" class=\"wp-embedded-content\"><\/iframe><script>\n\/*! This file is auto-generated *\/\n!function(d,l){\"use strict\";l.querySelector&&d.addEventListener&&\"undefined\"!=typeof URL&&(d.wp=d.wp||{},d.wp.receiveEmbedMessage||(d.wp.receiveEmbedMessage=function(e){var t=e.data;if((t||t.secret||t.message||t.value)&&!\/[^a-zA-Z0-9]\/.test(t.secret)){for(var s,r,n,a=l.querySelectorAll('iframe[data-secret=\"'+t.secret+'\"]'),o=l.querySelectorAll('blockquote[data-secret=\"'+t.secret+'\"]'),c=new RegExp(\"^https?:$\",\"i\"),i=0;i<o.length;i++)o[i].style.display=\"none\";for(i=0;i<a.length;i++)s=a[i],e.source===s.contentWindow&&(s.removeAttribute(\"style\"),\"height\"===t.message?(1e3<(r=parseInt(t.value,10))?r=1e3:~~r<200&&(r=200),s.height=r):\"link\"===t.message&&(r=new URL(s.getAttribute(\"src\")),n=new URL(t.value),c.test(n.protocol))&&n.host===r.host&&l.activeElement===s&&(d.top.location.href=t.value))}},d.addEventListener(\"message\",d.wp.receiveEmbedMessage,!1),l.addEventListener(\"DOMContentLoaded\",function(){for(var e,t,s=l.querySelectorAll(\"iframe.wp-embedded-content\"),r=0;r<s.length;r++)(t=(e=s[r]).getAttribute(\"data-secret\"))||(t=Math.random().toString(36).substring(2,12),e.src+=\"#?secret=\"+t,e.setAttribute(\"data-secret\",t)),e.contentWindow.postMessage({message:\"ready\",secret:t},\"*\")},!1)))}(window,document);\n\/\/# sourceURL=https:\/\/www.alfergestion.com\/en\/wp-includes\/js\/wp-embed.min.js\n<\/script>\n","thumbnail_url":"https:\/\/www.alfergestion.com\/en\/wp-content\/uploads\/2023\/04\/Rebaja-IVA-luz.jpg","thumbnail_width":960,"thumbnail_height":480,"description":"En el seno del Consejo de Ministros extraordinario de este s\u00e1bado, se adoptaron una serie de medidas econ\u00f3micas, muchas de las cuales ya hab\u00edan sido incluidas en el marco del Plan Nacional de respuesta a las consecuencias econ\u00f3micas y sociales de la guerra de Ucrania \u2014RDL 6\/2022, de cuyo contenido informamos trav\u00e9s de la\u00a0noticia del &hellip; Continue reading \"\""}